{"id":4092,"date":"2022-03-26T13:06:15","date_gmt":"2022-03-26T13:06:15","guid":{"rendered":"https:\/\/www.mtekstil.com\/?post_type=product&#038;p=4092"},"modified":"2023-03-10T08:17:38","modified_gmt":"2023-03-10T08:17:38","slug":"toptan-gabardin-yelek","status":"publish","type":"product","link":"https:\/\/www.mtekstil.com\/tr\/urun\/toptan-gabardin-yelek\/","title":{"rendered":"\u00c7ok Cepli Ters Fermuarl\u0131 Gabardin Yelek Mont"},"content":{"rendered":"<h2>\u00c7OK CEPL\u0130 TERS FERMUARLI GABARD\u0130N YELEK MONT \u00f6zellikleri<\/h2>\n<ul>\n<li><strong>Erkek &amp; Kad\u0131n<\/strong> Model Se\u00e7enekleri<\/li>\n<li>Standart 16 \/ 12 Gabardin Kuma\u015f<br \/>\n<strong>Kuma\u015f Se\u00e7enekleri<\/strong>: Mikro, Tafetta, Sotina, Jessica, Oxford, Bondit<\/li>\n<li>\u00c7ok Cepli Model<\/li>\n<li>4 Adet Kapakl\u0131 2 Adet Fermuarl\u0131 Cep<\/li>\n<li>Ters Fermuar<\/li>\n<li>G\u00f6\u011f\u00fcste Demir Ask\u0131l\u0131k<\/li>\n<li><strong>\u0130stenilen b\u00f6lgeye\u00a0logo markalama<\/strong><\/li>\n<\/ul>\n","protected":false},"excerpt":{"rendered":"<p>\u00c7OK CEPL\u0130 TERS FERMUARLI GABARD\u0130N YELEK MONT \u00f6zellikleri Erkek &amp; Kad\u0131n Model Se\u00e7enekleri Standart 16 \/ 12 Gabardin Kuma\u015f Kuma\u015f&#8230;<\/p>\n","protected":false},"featured_media":6516,"comment_status":"open","ping_status":"closed","template":"","meta":[],"product_cat":[119],"product_tag":[],"yoast_head":"<!-- This site is optimized with the Yoast SEO plugin v18.8 - https:\/\/yoast.com\/wordpress\/plugins\/seo\/ -->\n<title>Toptan Gabardin Yelek (\u00c7ok Cepli, Ters Fermuarl\u0131, Logolu) - Yelek Toptan<\/title>\n<meta name=\"description\" content=\"Toptan Gabardin Yelek: 16 \/ 12 Gabardin Kuma\u015f - 4 Adet Kapakl\u0131 2 Adet Fermuarl\u0131 Cep - G\u00f6\u011f\u00fcste Demir Ask\u0131l\u0131k | F\u0130YAT TEKL\u0130F\u0130 \u0130STEY\u0130N\" \/>\n<meta name=\"robots\" content=\"index, follow, max-snippet:-1, max-image-preview:large, max-video-preview:-1\" \/>\n<link rel=\"canonical\" href=\"https:\/\/www.mtekstil.com\/tr\/urun\/toptan-gabardin-yelek\/\" \/>\n<meta property=\"og:locale\" content=\"tr_TR\" \/>\n<meta property=\"og:type\" content=\"article\" \/>\n<meta property=\"og:title\" content=\"Toptan Gabardin Yelek (\u00c7ok Cepli, Ters Fermuarl\u0131, Logolu) - Yelek Toptan\" \/>\n<meta property=\"og:description\" content=\"Toptan Gabardin Yelek: 16 \/ 12 Gabardin Kuma\u015f - 4 Adet Kapakl\u0131 2 Adet Fermuarl\u0131 Cep - G\u00f6\u011f\u00fcste Demir Ask\u0131l\u0131k | F\u0130YAT TEKL\u0130F\u0130 \u0130STEY\u0130N\" \/>\n<meta property=\"og:url\" content=\"https:\/\/www.mtekstil.com\/tr\/urun\/toptan-gabardin-yelek\/\" \/>\n<meta property=\"og:site_name\" content=\"Mtekstil\" \/>\n<meta property=\"article:modified_time\" content=\"2023-03-10T08:17:38+00:00\" \/>\n<meta property=\"og:image\" content=\"https:\/\/www.mtekstil.com\/tr\/wp-content\/uploads\/2022\/03\/toptan_gabardin_yelek_1.jpg\" \/>\n\t<meta property=\"og:image:width\" content=\"1000\" \/>\n\t<meta property=\"og:image:height\" content=\"1499\" \/>\n\t<meta property=\"og:image:type\" content=\"image\/jpeg\" \/>\n<meta name=\"twitter:card\" content=\"summary_large_image\" \/>\n<meta name=\"twitter:label1\" content=\"Tahmini okuma s\u00fcresi\" \/>\n\t<meta name=\"twitter:data1\" content=\"1 dakika\" \/>\n<script type=\"application\/ld+json\" class=\"yoast-schema-graph\">{\"@context\":\"https:\/\/schema.org\",\"@graph\":[{\"@type\":\"WebSite\",\"@id\":\"https:\/\/www.mtekstil.com\/tr\/#website\",\"url\":\"https:\/\/www.mtekstil.com\/tr\/\",\"name\":\"Mtekstil\",\"description\":\"Tekstil Promosyon &Uuml;r&uuml;nleri\",\"potentialAction\":[{\"@type\":\"SearchAction\",\"target\":{\"@type\":\"EntryPoint\",\"urlTemplate\":\"https:\/\/www.mtekstil.com\/tr\/?s={search_term_string}\"},\"query-input\":\"required name=search_term_string\"}],\"inLanguage\":\"tr\"},{\"@type\":\"ImageObject\",\"inLanguage\":\"tr\",\"@id\":\"https:\/\/www.mtekstil.com\/tr\/urun\/toptan-gabardin-yelek\/#primaryimage\",\"url\":\"https:\/\/www.mtekstil.com\/tr\/wp-content\/uploads\/2022\/03\/toptan_gabardin_yelek_1.jpg\",\"contentUrl\":\"https:\/\/www.mtekstil.com\/tr\/wp-content\/uploads\/2022\/03\/toptan_gabardin_yelek_1.jpg\",\"width\":1000,\"height\":1499,\"caption\":\"Toptan Gabardin Yelek (\u00c7ok Cepli, Ters Fermuarl\u0131, Logolu) - Yelek Toptan\"},{\"@type\":\"WebPage\",\"@id\":\"https:\/\/www.mtekstil.com\/tr\/urun\/toptan-gabardin-yelek\/#webpage\",\"url\":\"https:\/\/www.mtekstil.com\/tr\/urun\/toptan-gabardin-yelek\/\",\"name\":\"Toptan Gabardin Yelek (\u00c7ok Cepli, Ters Fermuarl\u0131, Logolu) - Yelek Toptan\",\"isPartOf\":{\"@id\":\"https:\/\/www.mtekstil.com\/tr\/#website\"},\"primaryImageOfPage\":{\"@id\":\"https:\/\/www.mtekstil.com\/tr\/urun\/toptan-gabardin-yelek\/#primaryimage\"},\"datePublished\":\"2022-03-26T13:06:15+00:00\",\"dateModified\":\"2023-03-10T08:17:38+00:00\",\"description\":\"Toptan Gabardin Yelek: 16 \/ 12 Gabardin Kuma\u015f - 4 Adet Kapakl\u0131 2 Adet Fermuarl\u0131 Cep - G\u00f6\u011f\u00fcste Demir Ask\u0131l\u0131k | F\u0130YAT TEKL\u0130F\u0130 \u0130STEY\u0130N\",\"breadcrumb\":{\"@id\":\"https:\/\/www.mtekstil.com\/tr\/urun\/toptan-gabardin-yelek\/#breadcrumb\"},\"inLanguage\":\"tr\",\"potentialAction\":[{\"@type\":\"ReadAction\",\"target\":[\"https:\/\/www.mtekstil.com\/tr\/urun\/toptan-gabardin-yelek\/\"]}]},{\"@type\":\"BreadcrumbList\",\"@id\":\"https:\/\/www.mtekstil.com\/tr\/urun\/toptan-gabardin-yelek\/#breadcrumb\",\"itemListElement\":[{\"@type\":\"ListItem\",\"position\":1,\"name\":\"Home\",\"item\":\"https:\/\/www.mtekstil.com\/tr\/\"},{\"@type\":\"ListItem\",\"position\":2,\"name\":\"\u00dcR\u00dcNLER\",\"item\":\"https:\/\/www.mtekstil.com\/tr\/urunler\/\"},{\"@type\":\"ListItem\",\"position\":3,\"name\":\"\u00c7ok Cepli Ters Fermuarl\u0131 Gabardin Yelek Mont\"}]}]}<\/script>\n<!-- \/ Yoast SEO plugin. -->","yoast_head_json":{"title":"Toptan Gabardin Yelek (\u00c7ok Cepli, Ters Fermuarl\u0131, Logolu) - Yelek Toptan","description":"Toptan Gabardin Yelek: 16 \/ 12 Gabardin Kuma\u015f - 4 Adet Kapakl\u0131 2 Adet Fermuarl\u0131 Cep - G\u00f6\u011f\u00fcste Demir Ask\u0131l\u0131k | F\u0130YAT TEKL\u0130F\u0130 \u0130STEY\u0130N","robots":{"index":"index","follow":"follow","max-snippet":"max-snippet:-1","max-image-preview":"max-image-preview:large","max-video-preview":"max-video-preview:-1"},"canonical":"https:\/\/www.mtekstil.com\/tr\/urun\/toptan-gabardin-yelek\/","og_locale":"tr_TR","og_type":"article","og_title":"Toptan Gabardin Yelek (\u00c7ok Cepli, Ters Fermuarl\u0131, Logolu) - Yelek Toptan","og_description":"Toptan Gabardin Yelek: 16 \/ 12 Gabardin Kuma\u015f - 4 Adet Kapakl\u0131 2 Adet Fermuarl\u0131 Cep - G\u00f6\u011f\u00fcste Demir Ask\u0131l\u0131k | F\u0130YAT TEKL\u0130F\u0130 \u0130STEY\u0130N","og_url":"https:\/\/www.mtekstil.com\/tr\/urun\/toptan-gabardin-yelek\/","og_site_name":"Mtekstil","article_modified_time":"2023-03-10T08:17:38+00:00","og_image":[{"width":1000,"height":1499,"url":"https:\/\/www.mtekstil.com\/tr\/wp-content\/uploads\/2022\/03\/toptan_gabardin_yelek_1.jpg","type":"image\/jpeg"}],"twitter_card":"summary_large_image","twitter_misc":{"Tahmini okuma s\u00fcresi":"1 dakika"},"schema":{"@context":"https:\/\/schema.org","@graph":[{"@type":"WebSite","@id":"https:\/\/www.mtekstil.com\/tr\/#website","url":"https:\/\/www.mtekstil.com\/tr\/","name":"Mtekstil","description":"Tekstil Promosyon &Uuml;r&uuml;nleri","potentialAction":[{"@type":"SearchAction","target":{"@type":"EntryPoint","urlTemplate":"https:\/\/www.mtekstil.com\/tr\/?s={search_term_string}"},"query-input":"required name=search_term_string"}],"inLanguage":"tr"},{"@type":"ImageObject","inLanguage":"tr","@id":"https:\/\/www.mtekstil.com\/tr\/urun\/toptan-gabardin-yelek\/#primaryimage","url":"https:\/\/www.mtekstil.com\/tr\/wp-content\/uploads\/2022\/03\/toptan_gabardin_yelek_1.jpg","contentUrl":"https:\/\/www.mtekstil.com\/tr\/wp-content\/uploads\/2022\/03\/toptan_gabardin_yelek_1.jpg","width":1000,"height":1499,"caption":"Toptan Gabardin Yelek (\u00c7ok Cepli, Ters Fermuarl\u0131, Logolu) - Yelek Toptan"},{"@type":"WebPage","@id":"https:\/\/www.mtekstil.com\/tr\/urun\/toptan-gabardin-yelek\/#webpage","url":"https:\/\/www.mtekstil.com\/tr\/urun\/toptan-gabardin-yelek\/","name":"Toptan Gabardin Yelek (\u00c7ok Cepli, Ters Fermuarl\u0131, Logolu) - Yelek Toptan","isPartOf":{"@id":"https:\/\/www.mtekstil.com\/tr\/#website"},"primaryImageOfPage":{"@id":"https:\/\/www.mtekstil.com\/tr\/urun\/toptan-gabardin-yelek\/#primaryimage"},"datePublished":"2022-03-26T13:06:15+00:00","dateModified":"2023-03-10T08:17:38+00:00","description":"Toptan Gabardin Yelek: 16 \/ 12 Gabardin Kuma\u015f - 4 Adet Kapakl\u0131 2 Adet Fermuarl\u0131 Cep - G\u00f6\u011f\u00fcste Demir Ask\u0131l\u0131k | F\u0130YAT TEKL\u0130F\u0130 \u0130STEY\u0130N","breadcrumb":{"@id":"https:\/\/www.mtekstil.com\/tr\/urun\/toptan-gabardin-yelek\/#breadcrumb"},"inLanguage":"tr","potentialAction":[{"@type":"ReadAction","target":["https:\/\/www.mtekstil.com\/tr\/urun\/toptan-gabardin-yelek\/"]}]},{"@type":"BreadcrumbList","@id":"https:\/\/www.mtekstil.com\/tr\/urun\/toptan-gabardin-yelek\/#breadcrumb","itemListElement":[{"@type":"ListItem","position":1,"name":"Home","item":"https:\/\/www.mtekstil.com\/tr\/"},{"@type":"ListItem","position":2,"name":"\u00dcR\u00dcNLER","item":"https:\/\/www.mtekstil.com\/tr\/urunler\/"},{"@type":"ListItem","position":3,"name":"\u00c7ok Cepli Ters Fermuarl\u0131 Gabardin Yelek Mont"}]}]}},"_links":{"self":[{"href":"https:\/\/www.mtekstil.com\/tr\/wp-json\/wp\/v2\/product\/4092"}],"collection":[{"href":"https:\/\/www.mtekstil.com\/tr\/wp-json\/wp\/v2\/product"}],"about":[{"href":"https:\/\/www.mtekstil.com\/tr\/wp-json\/wp\/v2\/types\/product"}],"replies":[{"embeddable":true,"href":"https:\/\/www.mtekstil.com\/tr\/wp-json\/wp\/v2\/comments?post=4092"}],"wp:featuredmedia":[{"embeddable":true,"href":"https:\/\/www.mtekstil.com\/tr\/wp-json\/wp\/v2\/media\/6516"}],"wp:attachment":[{"href":"https:\/\/www.mtekstil.com\/tr\/wp-json\/wp\/v2\/media?parent=4092"}],"wp:term":[{"taxonomy":"product_cat","embeddable":true,"href":"https:\/\/www.mtekstil.com\/tr\/wp-json\/wp\/v2\/product_cat?post=4092"},{"taxonomy":"product_tag","embeddable":true,"href":"https:\/\/www.mtekstil.com\/tr\/wp-json\/wp\/v2\/product_tag?post=4092"}],"curies":[{"name":"wp","href":"https:\/\/api.w.org\/{rel}","templated":true}]}}